{"id":25,"date":"2024-02-18T12:02:15","date_gmt":"2024-02-18T15:02:15","guid":{"rendered":"https:\/\/codmef.com.br\/?page_id=25"},"modified":"2024-06-14T15:18:15","modified_gmt":"2024-06-14T18:18:15","slug":"palestrantes","status":"publish","type":"page","link":"https:\/\/codmef.com.br\/index.php\/palestrantes\/","title":{"rendered":"Palestrantes"},"content":{"rendered":"\n<div class=\"wp-block-cover alignfull is-light\"><span aria-hidden=\"true\" class=\"wp-block-cover__background has-background-dim-100 has-background-dim\" style=\"background-color:#ffffff\"><\/span><div class=\"wp-block-cover__inner-container is-layout-flow wp-block-cover-is-layout-flow\">\n<div class=\"wp-block-media-text alignfull is-stacked-on-mobile is-vertically-aligned-top\" style=\"grid-template-columns:28% auto\"><figure class=\"wp-block-media-text__media\"><img fetchpriority=\"high\" decoding=\"async\" width=\"300\" height=\"300\" src=\"https:\/\/codmef.com.br\/wp-content\/uploads\/2024\/06\/Alvaro-1.jpg\" alt=\"\" class=\"wp-image-353 size-full\" srcset=\"https:\/\/codmef.com.br\/wp-content\/uploads\/2024\/06\/Alvaro-1.jpg 300w, https:\/\/codmef.com.br\/wp-content\/uploads\/2024\/06\/Alvaro-1-150x150.jpg 150w\" sizes=\"(max-width: 300px) 100vw, 300px\" \/><\/figure><div class=\"wp-block-media-text__content\">\n<h2 class=\"wp-block-heading has-text-color\" style=\"color:#000000;font-size:29px\"><strong>Dr \u00c1lvaro Reischak Oliveira \u2013 UFRGS  &#8211; PQ 1B<\/strong><\/h2>\n\n\n\n<p class=\"has-text-color\" style=\"color:#000000;font-size:17px\">Possui Licenciatura em Educa\u00e7\u00e3o F\u00edsica pela Universidade Federal do Rio Grande do Sul &#8211; UFRGS (1988) e Doutorado em Ci\u00eancias Biol\u00f3gicas (Fisiologia) &#8211; UFRGS (1998). Realizou est\u00e1gio p\u00f3s-doutoral na Loughborough University &#8211; UK. \u00c9 professor titular da Escola de Educa\u00e7\u00e3o F\u00edsica da UFRGS e coordenador do Grupo de Estudos em Fisiologia e Bioqu\u00edmica do Exerc\u00edcio &#8211; GEFEX. \u00c9 orientador de mestrado e doutorado do Programa de P\u00f3s-Gradua\u00e7\u00e3o em Ci\u00eancias do Movimento Humano da UFRGS. Tem experi\u00eancia na \u00e1rea de Fisiologia do Exerc\u00edcio, com \u00eanfase em Respostas e Adapta\u00e7\u00f5es Cardiovasculares e Metab\u00f3licas ao Exerc\u00edcio, atuando principalmente nos seguintes temas: exerc\u00edcio, estresse oxidativo, fun\u00e7\u00e3o endotelial, lipemia, treinamento f\u00edsico, consumo m\u00e1ximo de oxig\u00eanio e limiares ventilat\u00f3rios.<\/p>\n\n\n\n<div class=\"wp-block-buttons has-custom-font-size has-small-font-size is-horizontal is-content-justification-left is-layout-flex wp-container-core-buttons-layout-1 wp-block-buttons-is-layout-flex\">\n<div class=\"wp-block-button is-style-fill\"><a class=\"wp-block-button__link wp-element-button\" href=\"http:\/\/lattes.cnpq.br\/0641735531407998\" target=\"_blank\" rel=\"noreferrer noopener\">Lattes<\/a><\/div>\n<\/div>\n\n\n\n<p><\/p>\n\n\n\n<p><\/p>\n<\/div><\/div>\n\n\n\n<div class=\"wp-block-media-text alignfull is-stacked-on-mobile is-vertically-aligned-top\" style=\"grid-template-columns:28% auto\"><figure class=\"wp-block-media-text__media\"><img decoding=\"async\" width=\"300\" height=\"300\" src=\"https:\/\/codmef.com.br\/wp-content\/uploads\/2024\/06\/CAROL-VIRGINIAv2.jpg\" alt=\"\" class=\"wp-image-332 size-full\" srcset=\"https:\/\/codmef.com.br\/wp-content\/uploads\/2024\/06\/CAROL-VIRGINIAv2.jpg 300w, https:\/\/codmef.com.br\/wp-content\/uploads\/2024\/06\/CAROL-VIRGINIAv2-150x150.jpg 150w\" sizes=\"(max-width: 300px) 100vw, 300px\" \/><\/figure><div class=\"wp-block-media-text__content\">\n<h2 class=\"wp-block-heading has-text-color\" style=\"color:#000000;font-size:29px\">Dr\u00aa Carol Virg\u00ednia G\u00f3is Leandro &#8211; UFPE &#8211; PQ 1B<\/h2>\n\n\n\n<p class=\"has-text-color\" style=\"color:#000000;font-size:17px\">Possui gradua\u00e7\u00e3o em Educa\u00e7\u00e3o F\u00edsica pela Universidade Federal de Pernambuco. Possui mestrado e doutorado em Ci\u00eancias do Desporto pela pela Universidade do Porto. Atualmente \u00e9 Professor Titular do Centro Acad\u00eamico de Vit\u00f3ria de Santo Ant\u00e3o da Universidade Federal de Pernambuco. Atualmente, \u00e9 Pr\u00f3-Reitora de P\u00f3s-Gradua\u00e7\u00e3o da UFPE. Atua principalmente nos seguintes temas: nutri\u00e7\u00e3o, atividade f\u00edsica, treinamento f\u00edsico, metabolismo do m\u00fasculo esquel\u00e9tico e plasticidade fenot\u00edpica.<\/p>\n\n\n\n<div class=\"wp-block-buttons has-custom-font-size has-small-font-size is-horizontal is-content-justification-left is-layout-flex wp-container-core-buttons-layout-2 wp-block-buttons-is-layout-flex\">\n<div class=\"wp-block-button is-style-fill\"><a class=\"wp-block-button__link wp-element-button\" href=\"http:\/\/lattes.cnpq.br\/7419672108203411\" target=\"_blank\" rel=\"noreferrer noopener\">Lattes<\/a><\/div>\n<\/div>\n\n\n\n<p><\/p>\n\n\n\n<p><\/p>\n<\/div><\/div>\n\n\n\n<div class=\"wp-block-media-text alignfull is-stacked-on-mobile is-vertically-aligned-top\" style=\"grid-template-columns:28% auto\"><figure class=\"wp-block-media-text__media\"><img decoding=\"async\" width=\"300\" height=\"300\" src=\"https:\/\/codmef.com.br\/wp-content\/uploads\/2024\/06\/Claudiav2.jpg\" alt=\"\" class=\"wp-image-333 size-full\" srcset=\"https:\/\/codmef.com.br\/wp-content\/uploads\/2024\/06\/Claudiav2.jpg 300w, https:\/\/codmef.com.br\/wp-content\/uploads\/2024\/06\/Claudiav2-150x150.jpg 150w\" sizes=\"(max-width: 300px) 100vw, 300px\" \/><\/figure><div class=\"wp-block-media-text__content\">\n<h2 class=\"wp-block-heading has-text-color\" style=\"color:#000000;font-size:29px\">Dr\u00aa Cl\u00e1udia L\u00facia de Moraes Forjaz &#8211; USP &#8211; PQ 1A<\/h2>\n\n\n\n<p class=\"has-text-color\" style=\"color:#000000;font-size:17px\">Licenciada Em Educa\u00e7\u00e3o F\u00edsica pela Escola de Educa\u00e7\u00e3o F\u00edsica e Esporte da Universidade de S\u00e3o Paulo (EEFEUSP &#8211; 1989), doutora em Educa\u00e7\u00e3o F\u00edsica pela EEFEUSP (1998 &#8211; \u00e1rea de Biodin\u00e2mica do Movimento Humano), Professora Livre Docente pela EEFEUSP (2007 &#8211; \u00e1rea Fisiopatologia da Atividade Motora), P\u00f3s-doutorado de curta dura\u00e7\u00e3o em 2010 na Universidade do Porto (\u00e1rea de Epidemiologia Gen\u00e9tica: estudo em fam\u00edlias). Atualmente, \u00e9 coordenadora adjunta da \u00e1rea 21 (Educa\u00e7\u00e3o F\u00edsica, Fisiologia, Fonoaudiologia e Terapia Ocupacional) da CAPES. Pesquisa na \u00e1rea de Fisiologia do Exerc\u00edcio (efeitos agudos e cr\u00f4nicos dos exerc\u00edcios aer\u00f3bicos e resistidos) aplicada a sujeitos saud\u00e1veis (jovens e idosos) e a portadores de Doen\u00e7as Cr\u00f4nicas (hipertens\u00e3o, doen\u00e7a arterial perif\u00e9rica, entre outras). Aborda os seguintes temas: exerc\u00edcio aer\u00f3bico, exerc\u00edcio resistido, treinamento aer\u00f3bico, treinamento resistido, fun\u00e7\u00e3o cardiovascular, hemodin\u00e2mica, modula\u00e7\u00e3o auton\u00f4mica, fun\u00e7\u00e3o vasodilatadora, entre outros.<\/p>\n\n\n\n<div class=\"wp-block-buttons has-custom-font-size has-small-font-size is-horizontal is-content-justification-left is-layout-flex wp-container-core-buttons-layout-3 wp-block-buttons-is-layout-flex\">\n<div class=\"wp-block-button is-style-fill\"><a class=\"wp-block-button__link wp-element-button\" href=\"http:\/\/lattes.cnpq.br\/5131656525467473\" target=\"_blank\" rel=\"noreferrer noopener\">Lattes<\/a><\/div>\n<\/div>\n\n\n\n<p><\/p>\n<\/div><\/div>\n\n\n\n<div class=\"wp-block-media-text alignfull is-stacked-on-mobile is-vertically-aligned-top\" style=\"grid-template-columns:28% auto\"><figure class=\"wp-block-media-text__media\"><img loading=\"lazy\" decoding=\"async\" width=\"300\" height=\"300\" src=\"https:\/\/codmef.com.br\/wp-content\/uploads\/2024\/06\/Cristinev2.jpg\" alt=\"\" class=\"wp-image-334 size-full\" srcset=\"https:\/\/codmef.com.br\/wp-content\/uploads\/2024\/06\/Cristinev2.jpg 300w, https:\/\/codmef.com.br\/wp-content\/uploads\/2024\/06\/Cristinev2-150x150.jpg 150w\" sizes=\"(max-width: 300px) 100vw, 300px\" \/><\/figure><div class=\"wp-block-media-text__content\">\n<h2 class=\"wp-block-heading has-text-color\" style=\"color:#000000;font-size:29px\">Dr\u00aa Cristine Lima Alberton \u2013 UFPel &#8211; PQ 1D<\/h2>\n\n\n\n<p class=\"has-text-color\" style=\"color:#000000;font-size:17px\">Graduada em Educa\u00e7\u00e3o F\u00edsica pela Universidade Federal do Rio Grande do Sul (2004). Mestre (2007) e Doutora (2011) em Ci\u00eancias do Movimento Humano pela Universidade Federal do Rio Grande do Sul. Doutorado sandu\u00edche na Universit\u00e0 degli Studi di Milano &#8211; Mil\u00e3o\/It\u00e1lia (2010). Professora associada da Escola Superior de Educa\u00e7\u00e3o F\u00edsica da Universidade Federal de Pelotas (UFPEL\/ 2023-presente). Membra da Red Interuniversitaria de Envejecimento Saludable &#8211; Latinoam\u00e9rica y Caribe (RIES-LAC \/ 2023 &#8211; presente). Professora permanente do Programa de P\u00f3s-Gradua\u00e7\u00e3o em Educa\u00e7\u00e3o F\u00edsica &#8211; UFPEL, atuando na linha de pesquisa &#8220;Exerc\u00edcio F\u00edsico para Promo\u00e7\u00e3o da Sa\u00fade&#8221;.<\/p>\n\n\n\n<div class=\"wp-block-buttons has-custom-font-size has-small-font-size is-horizontal is-content-justification-left is-layout-flex wp-container-core-buttons-layout-4 wp-block-buttons-is-layout-flex\">\n<div class=\"wp-block-button is-style-fill\"><a class=\"wp-block-button__link wp-element-button\" href=\"http:\/\/lattes.cnpq.br\/2775060719288282\" target=\"_blank\" rel=\"noreferrer noopener\">Lattes<\/a><\/div>\n<\/div>\n\n\n\n<p><\/p>\n<\/div><\/div>\n\n\n\n<div class=\"wp-block-media-text alignfull is-stacked-on-mobile is-vertically-aligned-top\" style=\"grid-template-columns:28% auto\"><figure class=\"wp-block-media-text__media\"><img loading=\"lazy\" decoding=\"async\" width=\"300\" height=\"300\" src=\"https:\/\/codmef.com.br\/wp-content\/uploads\/2024\/06\/DANUSAv2.jpg\" alt=\"\" class=\"wp-image-335 size-full\" srcset=\"https:\/\/codmef.com.br\/wp-content\/uploads\/2024\/06\/DANUSAv2.jpg 300w, https:\/\/codmef.com.br\/wp-content\/uploads\/2024\/06\/DANUSAv2-150x150.jpg 150w\" sizes=\"(max-width: 300px) 100vw, 300px\" \/><\/figure><div class=\"wp-block-media-text__content\">\n<h2 class=\"wp-block-heading has-text-color\" style=\"color:#000000;font-size:29px\">Dr\u00aa Danusa Dias Soares \u2013 UFMG &#8211; PQ 2<\/h2>\n\n\n\n<p class=\"has-text-color\" style=\"color:#000000;font-size:17px\">Gradua\u00e7\u00e3o em Educa\u00e7\u00e3o F\u00edsica pela Universidade Federal de Minas Gerais (1987), mestrado em Educa\u00e7\u00e3o F\u00edsica pela Universidade Federal de Minas Gerais (1993), doutorado em Ci\u00eancias Biol\u00f3gicas (Fisiologia e Farmacologia) pela Universidade Federal de Minas Gerais (2004), e est\u00e1gio de doutoramento sandu\u00edche no INSERM- U471- Institute National de la Sant\u00e9 et de la recherche medicale em Bordeaux, Fran\u00e7a. Est\u00e1gio S\u00eanior (P\u00f3s-doutorado) com bolsa da CAPES na Vrije Universiteit Brussels (VUB) em Bruxelas na B\u00e9lgica  (2014\/2015). \u00c9 professora da UFMG desde 1994 e desde dezembro de 2012 \u00e9 Professora Titular de Fisiologia do Exerc\u00edcio na mesma Universidade. Tem experi\u00eancia na \u00e1rea de Educa\u00e7\u00e3o F\u00edsica, com \u00eanfase em Fisiologia do Exerc\u00edcio, atuando principalmente nos seguintes temas: metabolismo, exerc\u00edcio e doen\u00e7as cr\u00f4nicas (com foco em obesidade e diabetes), neurotransmiss\u00e3o no exerc\u00edcio, cogni\u00e7\u00e3o, neurotrofinas e exerc\u00edcio, fadiga e termorregula\u00e7\u00e3o, treinamento e atividade f\u00edsica e sa\u00fade.<\/p>\n\n\n\n<div class=\"wp-block-buttons has-custom-font-size has-small-font-size is-horizontal is-content-justification-left is-layout-flex wp-container-core-buttons-layout-5 wp-block-buttons-is-layout-flex\">\n<div class=\"wp-block-button is-style-fill\"><a class=\"wp-block-button__link wp-element-button\" href=\"http:\/\/lattes.cnpq.br\/2743333637444155\" target=\"_blank\" rel=\"noreferrer noopener\">Lattes<\/a><\/div>\n<\/div>\n\n\n\n<p><\/p>\n<\/div><\/div>\n\n\n\n<div class=\"wp-block-media-text alignfull is-stacked-on-mobile is-vertically-aligned-top\" style=\"grid-template-columns:28% auto\"><figure class=\"wp-block-media-text__media\"><img loading=\"lazy\" decoding=\"async\" width=\"300\" height=\"300\" src=\"https:\/\/codmef.com.br\/wp-content\/uploads\/2024\/06\/Diegov2.jpg\" alt=\"\" class=\"wp-image-336 size-full\" srcset=\"https:\/\/codmef.com.br\/wp-content\/uploads\/2024\/06\/Diegov2.jpg 300w, https:\/\/codmef.com.br\/wp-content\/uploads\/2024\/06\/Diegov2-150x150.jpg 150w\" sizes=\"(max-width: 300px) 100vw, 300px\" \/><\/figure><div class=\"wp-block-media-text__content\">\n<h2 class=\"wp-block-heading has-text-color\" style=\"color:#000000;font-size:29px\">Dr Diego Augusto Santos Silva \u2013 UFSC &#8211; PQ 2<\/h2>\n\n\n\n<p class=\"has-text-color\" style=\"color:#000000;font-size:17px\">Gradua\u00e7\u00e3o em Educa\u00e7\u00e3o F\u00edsica pela Universidade Federal de Sergipe. Especializa\u00e7\u00e3o em Fisiologia do Exerc\u00edcio aplicado ao Treinamento e a Sa\u00fade. Mestrado e Doutorado em Educa\u00e7\u00e3o F\u00edsica pela Universidade Federal de Santa Catarina. O primeiro  (2017-2018) e o segundo P\u00f3s-Doutorado (2022-2023) foram realizados no Children&#8217;s Hospital of Eastern Ontario Research Institute, Department of Pediatrics, University of Ottawa, Canad\u00e1. Professor Associado da Universidade Federal de Santa Catarina. Professor Permanente do Programa de P\u00f3s-Gradua\u00e7\u00e3o em Educa\u00e7\u00e3o F\u00edsica da Universidade Federal de Santa Catarina. Tem experi\u00eancia na \u00e1rea de Educa\u00e7\u00e3o F\u00edsica e Sa\u00fade P\u00fablica, com \u00eanfase em cineantropometria e atividade f\u00edsica e sa\u00fade, atuando principalmente no tema relacionado \u00e0 fatores de risco \u00e0 sa\u00fade.<strong>&nbsp;<\/strong><\/p>\n\n\n\n<div class=\"wp-block-buttons has-custom-font-size has-small-font-size is-horizontal is-content-justification-left is-layout-flex wp-container-core-buttons-layout-6 wp-block-buttons-is-layout-flex\">\n<div class=\"wp-block-button is-style-fill\"><a class=\"wp-block-button__link wp-element-button\" href=\"http:\/\/lattes.cnpq.br\/8188066843033561\" target=\"_blank\" rel=\"noreferrer noopener\">Lattes<\/a><\/div>\n<\/div>\n\n\n\n<p><\/p>\n<\/div><\/div>\n\n\n\n<div class=\"wp-block-media-text alignfull is-stacked-on-mobile is-vertically-aligned-top\" style=\"grid-template-columns:28% auto\"><figure class=\"wp-block-media-text__media\"><img loading=\"lazy\" decoding=\"async\" width=\"300\" height=\"300\" src=\"https:\/\/codmef.com.br\/wp-content\/uploads\/2024\/06\/Eduardov2.jpg\" alt=\"\" class=\"wp-image-338 size-full\" srcset=\"https:\/\/codmef.com.br\/wp-content\/uploads\/2024\/06\/Eduardov2.jpg 300w, https:\/\/codmef.com.br\/wp-content\/uploads\/2024\/06\/Eduardov2-150x150.jpg 150w\" sizes=\"(max-width: 300px) 100vw, 300px\" \/><\/figure><div class=\"wp-block-media-text__content\">\n<h2 class=\"wp-block-heading has-text-color\" style=\"color:#000000;font-size:29px\">Dr Eduardo Caldas Costa \u2013 UFRN &#8211; PQ 2<\/h2>\n\n\n\n<p class=\"has-text-color\" style=\"color:#000000;font-size:17px\">Graduado em Educa\u00e7\u00e3o F\u00edsica pela Universidade Federal do Rio Grande do Norte (UFRN) e em Fisioterapia pela Universidade Potiguar (UnP). Mestre e Doutor em Ci\u00eancias da Sa\u00fade pela UFRN. P\u00f3s-doutorado na University of Manitoba, Institute of Cardiovascular Sciences, St. Boniface Hospital Albrechtsen Research Centre, Canad\u00e1 e University of Otago, Department of Medicine, Nova Zel\u00e2ndia. Professor Associado II da UFRN no Departamento de Educa\u00e7\u00e3o F\u00edsica e orientador permanente dos Programas de P\u00f3s-Gradua\u00e7\u00e3o em Educa\u00e7\u00e3o F\u00edsica e Ci\u00eancias da Sa\u00fade. L\u00edder do Grupo de Pesquisa Exerc\u00edcio Cl\u00ednico e Envelhecimento (ExCE). Atua investigando o papel progn\u00f3stico, preventivo e terap\u00eautico da aptid\u00e3o f\u00edsica e atividade f\u00edsica na sa\u00fade humana, com foco nos aspectos cardiovasculares e envelhecimento saud\u00e1vel.<\/p>\n\n\n\n<div class=\"wp-block-buttons has-custom-font-size has-small-font-size is-horizontal is-content-justification-left is-layout-flex wp-container-core-buttons-layout-7 wp-block-buttons-is-layout-flex\">\n<div class=\"wp-block-button is-style-fill\"><a class=\"wp-block-button__link wp-element-button\" href=\"http:\/\/lattes.cnpq.br\/1216441676725839\" target=\"_blank\" rel=\"noreferrer noopener\">Lattes<\/a><\/div>\n<\/div>\n\n\n\n<p><\/p>\n<\/div><\/div>\n\n\n\n<div class=\"wp-block-media-text alignfull is-stacked-on-mobile is-vertically-aligned-top\" style=\"grid-template-columns:28% auto\"><figure class=\"wp-block-media-text__media\"><img loading=\"lazy\" decoding=\"async\" width=\"300\" height=\"300\" src=\"https:\/\/codmef.com.br\/wp-content\/uploads\/2024\/06\/Guilhermev2.jpg\" alt=\"\" class=\"wp-image-339 size-full\" srcset=\"https:\/\/codmef.com.br\/wp-content\/uploads\/2024\/06\/Guilhermev2.jpg 300w, https:\/\/codmef.com.br\/wp-content\/uploads\/2024\/06\/Guilhermev2-150x150.jpg 150w\" sizes=\"(max-width: 300px) 100vw, 300px\" \/><\/figure><div class=\"wp-block-media-text__content\">\n<h2 class=\"wp-block-heading has-text-color\" style=\"color:#000000;font-size:29px\">Dr Guilherme Morais Puga \u2013 UFU<\/h2>\n\n\n\n<p class=\"has-text-color\" style=\"color:#000000;font-size:17px\">Possui gradua\u00e7\u00e3o em Educa\u00e7\u00e3o F\u00edsica pela Universidade Federal de Uberl\u00e2ndia (2004), Especializa\u00e7\u00e3o em Fisiologia do Exerc\u00edcio pela Universidade Veiga de Almeida (2007), mestrado em Educa\u00e7\u00e3o F\u00edsica pela Universidade Cat\u00f3lica de Bras\u00edlia (2007) e doutorado em Ci\u00eancias da Motricidade pela Unesp &#8211; Rio Claro (2013). Atualmente \u00e9 professor Adjunto do Curso de Educa\u00e7\u00e3o F\u00edsica e Fisioterapia da Universidade Federal de Uberl\u00e2ndia &#8211; FAEFI-UFU. Docente do Programa de P\u00f3s-Gradua\u00e7\u00e3o em Ci\u00eancias da Sa\u00fade PPGCSA &#8211; UFU.Tem experi\u00eancia na \u00e1rea de Educa\u00e7\u00e3o F\u00edsica, com \u00eanfase em Fisiologia do Exerc\u00edcio aplicada a atividade f\u00edsica e sa\u00fade e treinamento desportivo<\/p>\n\n\n\n<div class=\"wp-block-buttons has-custom-font-size has-small-font-size is-horizontal is-content-justification-left is-layout-flex wp-container-core-buttons-layout-8 wp-block-buttons-is-layout-flex\">\n<div class=\"wp-block-button is-style-fill\"><a class=\"wp-block-button__link wp-element-button\" href=\"http:\/\/lattes.cnpq.br\/6305642051022927\" target=\"_blank\" rel=\"noreferrer noopener\">Lattes<\/a><\/div>\n<\/div>\n\n\n\n<p><\/p>\n<\/div><\/div>\n\n\n\n<div class=\"wp-block-media-text alignfull is-stacked-on-mobile is-vertically-aligned-top\" style=\"grid-template-columns:28% auto\"><figure class=\"wp-block-media-text__media\"><img loading=\"lazy\" decoding=\"async\" width=\"300\" height=\"300\" src=\"https:\/\/codmef.com.br\/wp-content\/uploads\/2024\/06\/Hamiltonv2.jpg\" alt=\"\" class=\"wp-image-340 size-full\" srcset=\"https:\/\/codmef.com.br\/wp-content\/uploads\/2024\/06\/Hamiltonv2.jpg 300w, https:\/\/codmef.com.br\/wp-content\/uploads\/2024\/06\/Hamiltonv2-150x150.jpg 150w\" sizes=\"(max-width: 300px) 100vw, 300px\" \/><\/figure><div class=\"wp-block-media-text__content\">\n<h2 class=\"wp-block-heading has-text-color\" style=\"color:#000000;font-size:29px\">Dr Hamilton Roschel \u2013 USP &#8211; PQ 1C<\/h2>\n\n\n\n<p class=\"has-text-color\" style=\"color:#000000;font-size:17px\">O Dr. Hamilton Roschel \u00e9 Nutricionista e Fisiologista Cl\u00ednico do Exerc\u00edcio. Atualmente \u00e9 Professor Associado na Universidade de S\u00e3o Paulo e Diretor Cient\u00edfico\/Executivo do Centro de Medicina do Estilo de Vida da Faculdade de Medicina da Universidade de S\u00e3o Paulo. Orientador nos programas de p\u00f3s-gradua\u00e7\u00e3o da Faculdade de Medicina e da Escola de Educa\u00e7\u00e3o F\u00edsica e Esporte da Universidade de S\u00e3o Paulo. \u00c9 membro do International Protein Board e membro do Comit\u00ea Consultor do International Life Sciences Institute (ILSI). Tem como linhas de pesquisa: medicina do estilo de vida, efeitos terap\u00eauticos da nutri\u00e7\u00e3o e do exerc\u00edcio nas doen\u00e7as cr\u00f4nicas e no envelhecimento; sarcopenia; nutri\u00e7\u00e3o aplicada ao exerc\u00edcio, nutri\u00e7\u00e3o esportiva, fisiologia muscular e fisiologia cl\u00ednica do exerc\u00edcio.<\/p>\n\n\n\n<div class=\"wp-block-buttons has-custom-font-size has-small-font-size is-horizontal is-content-justification-left is-layout-flex wp-container-core-buttons-layout-9 wp-block-buttons-is-layout-flex\">\n<div class=\"wp-block-button is-style-fill\"><a class=\"wp-block-button__link wp-element-button\" href=\"http:\/\/lattes.cnpq.br\/8590499566979006\" target=\"_blank\" rel=\"noreferrer noopener\">Lattes<\/a><\/div>\n<\/div>\n\n\n\n<p><\/p>\n<\/div><\/div>\n\n\n\n<div class=\"wp-block-media-text alignfull is-stacked-on-mobile is-vertically-aligned-top\" style=\"grid-template-columns:28% auto\"><figure class=\"wp-block-media-text__media\"><img loading=\"lazy\" decoding=\"async\" width=\"300\" height=\"300\" src=\"https:\/\/codmef.com.br\/wp-content\/uploads\/2024\/06\/Katiav2.jpg\" alt=\"\" class=\"wp-image-341 size-full\" srcset=\"https:\/\/codmef.com.br\/wp-content\/uploads\/2024\/06\/Katiav2.jpg 300w, https:\/\/codmef.com.br\/wp-content\/uploads\/2024\/06\/Katiav2-150x150.jpg 150w\" sizes=\"(max-width: 300px) 100vw, 300px\" \/><\/figure><div class=\"wp-block-media-text__content\">\n<h2 class=\"wp-block-heading has-text-color\" style=\"color:#000000;font-size:29px\">Dr\u00aa K\u00e1tia De Angelis \u2013 UNIFESP &#8211; PQ 1B<\/h2>\n\n\n\n<p class=\"has-text-color\" style=\"color:#000000;font-size:17px\">Possui gradua\u00e7\u00e3o em Educa\u00e7\u00e3o F\u00edsica pelo Instituto Porto Alegre e em Ci\u00eancias Biol\u00f3gicas pela Universidade Federal do Rio Grande do Sul (UFRGS), Mestrado e Doutorado em Ci\u00eancias Biol\u00f3gicas pela UFRGS (1998 e 2001) e P\u00f3s-doutorado no Laborat\u00f3rio de Hipertens\u00e3o do InCor-HC-FMUSP (2003) e pela Wrigth State University (WSU). Atualmente \u00e9 Professora Livre Docente do Depto de Fisiologia da UNIFESP, Coordenadora da P\u00f3s-Gradua\u00e7\u00e3o -ProPGpq da UNIFESP, orientadora do PPG em Medicina Translacional da UNIFESP, orientadora do PPG em Ci\u00eancias da Reabilita\u00e7\u00e3o da Universidade Nove de Julho (UNINOVE). \u00c9 presidente da Sociedade Brasileira de Hipertens\u00e3o (SBH). T\u00eam experi\u00eancia na \u00e1rea de Fisiologia Cardiorrespirat\u00f3ria e do Exerc\u00edcio, atuando principalmente nos seguintes temas: exerc\u00edcio f\u00edsico, controle auton\u00f4mico da circula\u00e7\u00e3o, envelhecimento, diabetes, hipertens\u00e3o, insufici\u00eancia card\u00edaca e menopausa.<\/p>\n\n\n\n<div class=\"wp-block-buttons has-custom-font-size has-small-font-size is-horizontal is-content-justification-left is-layout-flex wp-container-core-buttons-layout-10 wp-block-buttons-is-layout-flex\">\n<div class=\"wp-block-button is-style-fill\"><a class=\"wp-block-button__link wp-element-button\" href=\"http:\/\/lattes.cnpq.br\/4299344810509965\" target=\"_blank\" rel=\"noreferrer noopener\">Lattes<\/a><\/div>\n<\/div>\n\n\n\n<p><\/p>\n<\/div><\/div>\n\n\n\n<div class=\"wp-block-media-text alignfull is-stacked-on-mobile is-vertically-aligned-top\" style=\"grid-template-columns:28% auto\"><figure class=\"wp-block-media-text__media\"><img loading=\"lazy\" decoding=\"async\" width=\"300\" height=\"300\" src=\"https:\/\/codmef.com.br\/wp-content\/uploads\/2024\/06\/Laurov2.jpg\" alt=\"\" class=\"wp-image-342 size-full\" srcset=\"https:\/\/codmef.com.br\/wp-content\/uploads\/2024\/06\/Laurov2.jpg 300w, https:\/\/codmef.com.br\/wp-content\/uploads\/2024\/06\/Laurov2-150x150.jpg 150w\" sizes=\"(max-width: 300px) 100vw, 300px\" \/><\/figure><div class=\"wp-block-media-text__content\">\n<h2 class=\"wp-block-heading has-text-color\" style=\"color:#000000;font-size:29px\">Dr Lauro Casqueiro Vianna \u2013 UNB &#8211; PQ 1D<\/h2>\n\n\n\n<p class=\"has-text-color\" style=\"color:#000000;font-size:17px\">\u00c9 professor Adjunto III da Faculdade de Educa\u00e7\u00e3o F\u00edsica da Universidade de Bras\u00edlia (UnB) e professor permanente dos Programas de P\u00f3s-gradua\u00e7\u00e3o Stricto Sensu em Educa\u00e7\u00e3o F\u00edsica e Ci\u00eancias M\u00e9dicas da UnB. Realizou Doutorado (2009) em Educa\u00e7\u00e3o F\u00edsica (\u00e1rea de concentra\u00e7\u00e3o: Fisiologia do Exerc\u00edcio) na Universidade Gama Filho e doutorado sandu\u00edche na School of Sport and Exercise Sciences, University of Birmingham, UK. Possui p\u00f3s-doutorado pelo departamento de farmacologia e fisiologia m\u00e9dica da Universidade de Missouri-Columbia, MO, EUA, e pelo departamento de fisiologia e farmacologia da Universidade Federal Fluminense, Niter\u00f3i. A sua linha de pesquisa est\u00e1 relacionada ao controle neural da circula\u00e7\u00e3o em humanos. Utiliza para isso diferentes abordagens experimentais como, por exemplo, o registro direto da atividade nervosa simp\u00e1tica muscular no nervo fibular (microneurografia).<strong>&nbsp;<\/strong><\/p>\n\n\n\n<div class=\"wp-block-buttons has-custom-font-size has-small-font-size is-horizontal is-content-justification-left is-layout-flex wp-container-core-buttons-layout-11 wp-block-buttons-is-layout-flex\">\n<div class=\"wp-block-button is-style-fill\"><a class=\"wp-block-button__link wp-element-button\" href=\"http:\/\/lattes.cnpq.br\/8938493818956438\" target=\"_blank\" rel=\"noreferrer noopener\">Lattes<\/a><\/div>\n<\/div>\n\n\n\n<p><\/p>\n<\/div><\/div>\n\n\n\n<div class=\"wp-block-media-text alignfull is-stacked-on-mobile is-vertically-aligned-top\" style=\"grid-template-columns:28% auto\"><figure class=\"wp-block-media-text__media\"><img loading=\"lazy\" decoding=\"async\" width=\"679\" height=\"984\" src=\"https:\/\/codmef.com.br\/wp-content\/uploads\/2024\/06\/Raphael.jpg\" alt=\"\" class=\"wp-image-351 size-full\" srcset=\"https:\/\/codmef.com.br\/wp-content\/uploads\/2024\/06\/Raphael.jpg 679w, https:\/\/codmef.com.br\/wp-content\/uploads\/2024\/06\/Raphael-207x300.jpg 207w\" sizes=\"(max-width: 679px) 100vw, 679px\" \/><\/figure><div class=\"wp-block-media-text__content\">\n<h2 class=\"wp-block-heading has-text-color\" style=\"color:#000000;font-size:29px\">Dr Raphael Mendes Ritti Dias \u2013 UNINOVE &#8211; PQ 1D<\/h2>\n\n\n\n<p class=\"has-text-color\" style=\"color:#000000;font-size:17px\">\u00c9 graduado em Educa\u00e7\u00e3o F\u00edsica pela Universidade Estadual de Londrina. doutor em Sa\u00fade P\u00fablica pela Universidade de S\u00e3o Paulo e Livre-docente pela Universidade de Pernambuco. Atualmente \u00e9 Professor da Universidade Nove de Julho, atuando nos cursos de gradua\u00e7\u00e3o em Educa\u00e7\u00e3o F\u00edsica e Medicina e especializa\u00e7\u00e3o. \u00c9 orientador de mestrado e doutorado do Programa de P\u00f3s-gradua\u00e7\u00e3o em Ci\u00eancias da Reabilita\u00e7\u00e3o. Desenvolve pesquisas epidemiol\u00f3gicas e cl\u00ednicas analisando o impacto da pr\u00e1tica de atividade f\u00edsica\/exerc\u00edcio f\u00edsico em indiv\u00edduos com doen\u00e7as cardiovasculares.<\/p>\n\n\n\n<div class=\"wp-block-buttons has-custom-font-size has-small-font-size is-horizontal is-content-justification-left is-layout-flex wp-container-core-buttons-layout-12 wp-block-buttons-is-layout-flex\">\n<div class=\"wp-block-button is-style-fill\"><a class=\"wp-block-button__link wp-element-button\" href=\"http:\/\/lattes.cnpq.br\/7585097807348027\" target=\"_blank\" rel=\"noreferrer noopener\">Lattes<\/a><\/div>\n<\/div>\n\n\n\n<p><\/p>\n<\/div><\/div>\n\n\n\n<div class=\"wp-block-media-text alignfull is-stacked-on-mobile is-vertically-aligned-top\" style=\"grid-template-columns:28% auto\"><figure class=\"wp-block-media-text__media\"><img loading=\"lazy\" decoding=\"async\" width=\"300\" height=\"300\" src=\"https:\/\/codmef.com.br\/wp-content\/uploads\/2024\/06\/Rochellev2.jpg\" alt=\"\" class=\"wp-image-347 size-full\" srcset=\"https:\/\/codmef.com.br\/wp-content\/uploads\/2024\/06\/Rochellev2.jpg 300w, https:\/\/codmef.com.br\/wp-content\/uploads\/2024\/06\/Rochellev2-150x150.jpg 150w\" sizes=\"(max-width: 300px) 100vw, 300px\" \/><\/figure><div class=\"wp-block-media-text__content\">\n<h2 class=\"wp-block-heading has-text-color\" style=\"color:#000000;font-size:29px\">Dr\u00aa Rochelle Rocha Costa &#8211; UNB<\/h2>\n\n\n\n<p class=\"has-text-color\" style=\"color:#000000;font-size:17px\">Possui gradua\u00e7\u00e3o em Educa\u00e7\u00e3o F\u00edsica (2006), Mestrado (2011) e Doutorado (2015) em Ci\u00eancias do Movimento Humano pela Universidade Federal do Rio Grande do Sul (UFRGS). Possui p\u00f3s-doutorado em Treinamento F\u00edsico para Popula\u00e7\u00f5es Especiais (2017) pela UFRGS e em Metodologia da Pesquisa com \u00eanfase em Bioestat\u00edstica (2018) pela UFRGS (PNPD\/CAPES). Atualmente \u00e9 professora adjunta na Universidade de Bras\u00edlia (UnB). \u00c9 coordenadora de Pr\u00e1ticas Desportivas (PDs), coordenadora do Programa Segundo Tempo Universit\u00e1rio na UnB, coordenadora do Parque Aqu\u00e1tico e vice coordenadora de Extens\u00e3o na Faculdade de Educa\u00e7\u00e3o F\u00edsica da UnB. Est\u00e1 credenciada ao Programa de P\u00f3s-Gradua\u00e7\u00e3o em Educa\u00e7\u00e3o F\u00edsica da FEF\/UnB.<\/p>\n\n\n\n<div class=\"wp-block-buttons has-custom-font-size has-small-font-size is-horizontal is-content-justification-left is-layout-flex wp-container-core-buttons-layout-13 wp-block-buttons-is-layout-flex\">\n<div class=\"wp-block-button is-style-fill\"><a class=\"wp-block-button__link wp-element-button\" href=\"http:\/\/lattes.cnpq.br\/7923416216937626\" target=\"_blank\" rel=\"noreferrer noopener\">Lattes<\/a><\/div>\n<\/div>\n<\/div><\/div>\n<\/div><\/div>\n","protected":false},"excerpt":{"rendered":"","protected":false},"author":1,"featured_media":0,"parent":0,"menu_order":0,"comment_status":"closed","ping_status":"closed","template":"","meta":{"footnotes":""},"_links":{"self":[{"href":"https:\/\/codmef.com.br\/index.php\/wp-json\/wp\/v2\/pages\/25"}],"collection":[{"href":"https:\/\/codmef.com.br\/index.php\/wp-json\/wp\/v2\/pages"}],"about":[{"href":"https:\/\/codmef.com.br\/index.php\/wp-json\/wp\/v2\/types\/page"}],"author":[{"embeddable":true,"href":"https:\/\/codmef.com.br\/index.php\/wp-json\/wp\/v2\/users\/1"}],"replies":[{"embeddable":true,"href":"https:\/\/codmef.com.br\/index.php\/wp-json\/wp\/v2\/comments?post=25"}],"version-history":[{"count":27,"href":"https:\/\/codmef.com.br\/index.php\/wp-json\/wp\/v2\/pages\/25\/revisions"}],"predecessor-version":[{"id":355,"href":"https:\/\/codmef.com.br\/index.php\/wp-json\/wp\/v2\/pages\/25\/revisions\/355"}],"wp:attachment":[{"href":"https:\/\/codmef.com.br\/index.php\/wp-json\/wp\/v2\/media?parent=25"}],"curies":[{"name":"wp","href":"https:\/\/api.w.org\/{rel}","templated":true}]}}